{"id":3,"date":"2019-12-24T11:56:05","date_gmt":"2019-12-24T09:56:05","guid":{"rendered":"http:\/\/masriera.com\/?page_id=3"},"modified":"2020-06-22T17:51:38","modified_gmt":"2020-06-22T15:51:38","slug":"privacy-policy","status":"publish","type":"page","link":"https:\/\/www.masriera.com\/cat\/privacy-policy\/","title":{"rendered":"Pol\u00edtica de Privacitat"},"content":{"rendered":"<h2 class=\"wp-block-heading\">POL\u00cdTICA DE PRIVACITAT I PROTECCI\u00d3 DE DADES<\/h2>\n\n\n\n<p>BAGUES MASRIERA S.A.U en endavant, \u201cl\u2019Entitat\u201d, a trav\u00e9s d\u2019aquest lloc web presenta i posa a l\u2019abast dels usuaris un cat\u00e0leg de productes de joieria de la marca \u201cMasriera\u201d aix\u00ed com diferents canals de contacte amb l\u2019Entitat.<\/p>\n\n\n\n<p>L\u2019Entitat, en la seva condici\u00f3 de Controlador de Dades, es compromet a la dilig\u00e8ncia deguda i al compliment de les normes de protecci\u00f3 de dades implementades a trav\u00e9s del Reglament 2016\/679 sobre la protecci\u00f3 de les persones f\u00edsiques pel que fa al tractament de dades de car\u00e0cter personal. i a la lliure circulaci\u00f3 d\u2019aquestes dades Protecci\u00f3 de dades generals (RGPD) i Llei org\u00e0nica 3\/2018 de protecci\u00f3 de dades i garantia de drets digitals (LOPDGDD).<\/p>\n\n\n\n<p>En compliment de l\u2019anterior, a continuaci\u00f3 s\u2019explica la pol\u00edtica de confidencialitat i protecci\u00f3 de dades personals aplicable al tractament de dades de car\u00e0cter personal en el marc de la seva activitat.<\/p>\n\n\n\n<p><strong>Identitat: <\/strong>BAGUES MASRIERA S.A.U<br><strong>Adre\u00e7a: <\/strong>Carretera de l&#8217;Hospitalet, 147 Edificio Viena 3\u00aa Planta, 08940, Cornell\u00e0 de Llobregat (Barcelona)<br><strong>Tel\u00e8fon: <\/strong>93 481 70 54<br><strong>Correu electr\u00f2nic: <\/strong>info@bagues-masriera.com<br><strong>Dades de contacte del responsable de protecci\u00f3 de dades (DPD): <\/strong><a href=\"mailto:carles.pazos@bagues-masriera.com\" class=\"rank-math-link\">carles.pazos@bagues-masriera.com<\/a><br><strong>Canal de Protecci\u00f3 de Dades:<\/strong>: <a href=\"http:\/\/www.corporate-ethicline.com\/bagues-masriera\" target=\"_blank\" aria-label=\"www.corporate-ethicline.com\/bagues-masriera (opens in a new tab)\" rel=\"noreferrer noopener\" class=\"rank-math-link\">www.corporate-ethicline.com\/bagues-masriera<\/a><br><strong>Origen<\/strong><\/p>\n\n\n\n<p>L\u2019Entitat pot recopilar dades personals a trav\u00e9s dels seg\u00fcents canals:<\/p>\n\n\n\n<p><strong>Directament dels interessats:<\/strong> les dades personals que l\u2019interessat proporciona directament quan empleni un formulari per sol\u00b7licitar informaci\u00f3, aix\u00ed com quan sol\u00b7liciti assist\u00e8ncia a trav\u00e9s del Xat o es comunica amb nosaltres de qualsevol manera.<\/p>\n\n\n\n<p>Els tipus de dades personals que podem recopilar s\u00f3n dades d\u2019identificaci\u00f3, de contacte i de facturaci\u00f3.<\/p>\n\n\n\n<p><strong>De tercers:<\/strong> informaci\u00f3 d\u2019identificaci\u00f3 i contacte proporcionada pels nostres col\u00b7laboradors.<\/p>\n\n\n\n<h2 class=\"wp-block-heading\"><strong>Finalitats del tractament de dades<\/strong><\/h2>\n\n\n\n<p>L\u2019Entitat processar\u00e0 les dades i la informaci\u00f3 recollida amb les finalitats seg\u00fcents:<\/p>\n\n\n\n<ul class=\"wp-block-list\"><li>Gestionar qualsevol tipus de sol\u00b7licitud, suggeriment o sol\u00b7licitud d\u2019informaci\u00f3 de les persones interessades sobre els productes del nostre cat\u00e0leg,<\/li><li>Gestionar les comandes i les compres realitzades pels nostres clients, aix\u00ed com gestionar la relaci\u00f3 que mantenen amb la nostra Entitat.<\/li><li>Enviar comunicacions informatives i comercials: tractament de correu electr\u00f2nic proporcionat mitjan\u00e7ant subscripci\u00f3 als nostres butlletins per tal d\u2019informar-vos sobre activitats, articles d\u2019inter\u00e8s i informaci\u00f3 general relacionada amb la nostra activitat i els serveis \/ productes. contractats<\/li><li>Gestionar les dades proporcionades pels candidats a un lloc de treball a trav\u00e9s del Curr\u00edculum Vitae per obtenir un proc\u00e9s de selecci\u00f3 i contractaci\u00f3.<\/li><\/ul>\n\n\n\n<p>Complir les disposicions legals<\/p>\n\n\n\n<p>Per al bon prop\u00f2sit i desenvolupament de la vostra cura i gesti\u00f3 de les finalitats anteriors, el propietari accepta el tractament de les seves dades amb les finalitats anteriors, tot sota el compliment estricte de la normativa de protecci\u00f3 de dades i de la pol\u00edtica que detallem. En qualsevol moment pot exercir els seus drets (vegeu la secci\u00f3 espec\u00edfica).<\/p>\n\n\n\n<h2 class=\"wp-block-heading\"><strong>Criteris de Retenci\u00f3 de Dades<\/strong><\/h2>\n\n\n\n<p>Gesti\u00f3 de sol\u00b7licituds i comandes: conservarem les dades personals durant el temps necessari per gestionar les comandes i peticions. Al finalitzar la relaci\u00f3 entre l\u2019Entitat i el client, es conservaran les dades personals en els casos que puguin comportar responsabilitats amb l\u2019Entitat i \/ o en compliment d\u2019altres marcs normatius aplicables a l\u2019Entitat o un est\u00e0ndard amb una gamma de llei que exigeix \u200b\u200bla conservaci\u00f3 d\u2019aquestes. Les dades personals es conservaran de manera que permeti identificar i exercir els Drets dels afectats i, sota les mesures legals i organitzatives t\u00e8cniques necess\u00e0ries per garantir la seva confidencialitat i integritat.<\/p>\n\n\n\n<p>Gesti\u00f3 del Curr\u00edculum Vitae: l'Entitat, per regla general, conserva el Curr\u00edculum Vitae per un per\u00edode m\u00e0xim d'un any; un cop finalitzat aquest per\u00edode, es destruir\u00e0 autom\u00e0ticament, complint el principi de qualitat de les dades.<\/p>\n\n\n\n<p>Altres: la resta de dades i informaci\u00f3 proporcionada per l\u2019usuari per qualsevol mitj\u00e0, es conservaran durant el temps necessari per complir la finalitat per a la qual van ser recollides.<\/p>\n\n\n\n<h2 class=\"wp-block-heading\"><strong>Legitimaci\u00f3<\/strong><\/h2>\n\n\n\n<p>La base legal que permet a l'Entitat processar les dades personals dels usuaris, clients i clients potencials s\u00f3n les seg\u00fcents:<\/p>\n\n\n\n<p>El consentiment de les persones interessades per al tractament i gesti\u00f3 de qualsevol sol\u00b7licitud d\u2019informaci\u00f3 o consulta sobre els nostres serveis i productes.<\/p>\n\n\n\n<p>El consentiment donat pels candidats a la selecci\u00f3 i la selecci\u00f3.<\/p>\n\n\n\n<p>El marc per a la prestaci\u00f3 i \/ o contractaci\u00f3 de serveis \/ productes amb l'Entitat.<\/p>\n\n\n\n<p>L\u2019inter\u00e8s leg\u00edtim d\u2019enviar-vos ofertes informatives, comercials i \/ o promocionals relacionades amb l\u2019activitat de l\u2019Entitat i els serveis \/ productes contractats mitjan\u00e7ant correu electr\u00f2nic o qualsevol altre mitj\u00e0.<strong><\/strong><\/p>\n\n\n\n<h2 class=\"wp-block-heading\"><strong>Destinataris<\/strong><\/h2>\n\n\n\n<p>No es transfereixen dades personals a tercers, excepte la disposici\u00f3 legal. En aquests casos, el vostre<br>es podrien comunicar dades a \u00f2rgans de supervisi\u00f3, jutges i jutjats de conformitat amb<br>legislaci\u00f3 vigent.<\/p>\n\n\n\n<p>Tampoc es fan transfer\u00e8ncies internacionals de dades a pa\u00efsos tercers.<\/p>\n\n\n\n<h2 class=\"wp-block-heading\"><strong>Drets<\/strong><\/h2>\n\n\n\n<p>Dret d\u2019acc\u00e9s, rectificaci\u00f3 i cancel\u00b7laci\u00f3: les persones interessades tenen dret a obtenir confirmaci\u00f3 sobre si estem tractant dades personals a l\u2019Entitat. Les persones interessades tenen dret a accedir a les seves dades personals, aix\u00ed com a sol\u00b7licitar la rectificaci\u00f3 de dades inexactes o sol\u00b7licitar la seva supressi\u00f3 quan, entre altres motius, deixin de ser necess\u00e0ries les dades per a les finalitats que es van recollir.<\/p>\n\n\n\n<p>Dret a la restricci\u00f3 del tractament i a l\u2019objecte: en determinades circumst\u00e0ncies, les persones interessades poden sol\u00b7licitar la restricci\u00f3 del tractament de les seves dades, en aquest cas nom\u00e9s les conservarem per a l\u2019exercici o la defensa de reclamacions. En determinades circumst\u00e0ncies i, per raons relacionades amb la seva situaci\u00f3, els interessats poden oposar-se al tractament de les seves dades. L\u2019Entitat deixar\u00e0 de processar les dades en aquest cas, excepte per motius leg\u00edtims imperiosos o per a l\u2019exercici o la defensa de possibles reclamacions.<\/p>\n\n\n\n<p>Aquests drets es podran exercir al nostre canal de Protecci\u00f3 de Dades (vegeu la secci\u00f3 espec\u00edfica).<\/p>\n\n\n\n<h2 class=\"wp-block-heading\"><strong>Canal de Protecci\u00f3 de Dades:<\/strong><\/h2>\n\n\n\n<p>L\u2019Entitat ha implementat un canal de comunicacions i queixes on s\u2019incorporen els aspectes rellevants i necessaris de la protecci\u00f3 de dades, considerant el m\u00e0xim comprom\u00eds, rigor i professionalitat en termes de seguretat, experi\u00e8ncia, independ\u00e8ncia i coneixement en el tractament de les comunicacions rebudes, incorporant els requisits establerts. a l'article 24 de la LOPDGDD per a aquest tipus de canals.<\/p>\n\n\n\n<p>El Canal de Protecci\u00f3 de Dades s\u2019ha implementat a trav\u00e9s d\u2019una plataforma web, desenvolupada i gestionada per un expert extern independent per proporcionar i garantir els nostres compromisos anteriors.<\/p>\n\n\n\n<p>A trav\u00e9s del Canal de Protecci\u00f3 de Dades, podeu comunicar i processar l\u2019exercici dels vostres Drets (vegeu la secci\u00f3 anterior) i comunicar qualsevol indicaci\u00f3 o coneixement que tingueu sobre possibles incompliments de seguretat (incompliments) i \/ o possibles incompliments o irregularitats en la normativa. de Protecci\u00f3 de Dades o la present pol\u00edtica de l\u2019Entitat.<\/p>\n\n\n\n<p>Les dades d\u2019acc\u00e9s al Canal de Protecci\u00f3 de Dades es detallen al comen\u00e7ament d\u2019aquesta pol\u00edtica.<\/p>\n\n\n\n<h2 class=\"wp-block-heading\"><strong>Atenci\u00f3 i suport<\/strong><\/h2>\n\n\n\n<p>Les persones interessades poden comunicar a l\u2019entitat qualsevol pregunta sobre el tractament de les seves dades personals o la interpretaci\u00f3 de la nostra pol\u00edtica, contactant amb el Responsable de Protecci\u00f3 de Dades (DPO) al correu electr\u00f2nic indicat al comen\u00e7ament d\u2019aquesta pol\u00edtica.<\/p>","protected":false},"excerpt":{"rendered":"<p>PRIVACY AND DATA PROTECTION POLICY BAGUES MASRIERA S.A.U hereinafter, &#8220;the Entity&#8221;, through this website presents and makes available to users a catalog of jewelry products of the &#8220;Masriera&#8221; brand as well as different channels of contact with the Entity. The Entity, in its capacity as Data Controller, is committed to due diligence and compliance with &#8230; <a title=\"Pol\u00edtica de Privacitat\" class=\"read-more\" href=\"https:\/\/www.masriera.com\/cat\/privacy-policy\/\" aria-label=\"M\u00e9s informaci\u00f3 sobre Privacy Policy\">Llegiu m\u00e9s<\/a><\/p>","protected":false},"author":2,"featured_media":0,"parent":0,"menu_order":0,"comment_status":"closed","ping_status":"open","template":"","meta":{"content-type":"","footnotes":""},"class_list":["post-3","page","type-page","status-publish"],"_links":{"self":[{"href":"https:\/\/www.masriera.com\/cat\/wp-json\/wp\/v2\/pages\/3","targetHints":{"allow":["GET"]}}],"collection":[{"href":"https:\/\/www.masriera.com\/cat\/wp-json\/wp\/v2\/pages"}],"about":[{"href":"https:\/\/www.masriera.com\/cat\/wp-json\/wp\/v2\/types\/page"}],"author":[{"embeddable":true,"href":"https:\/\/www.masriera.com\/cat\/wp-json\/wp\/v2\/users\/2"}],"replies":[{"embeddable":true,"href":"https:\/\/www.masriera.com\/cat\/wp-json\/wp\/v2\/comments?post=3"}],"version-history":[{"count":7,"href":"https:\/\/www.masriera.com\/cat\/wp-json\/wp\/v2\/pages\/3\/revisions"}],"predecessor-version":[{"id":1236,"href":"https:\/\/www.masriera.com\/cat\/wp-json\/wp\/v2\/pages\/3\/revisions\/1236"}],"wp:attachment":[{"href":"https:\/\/www.masriera.com\/cat\/wp-json\/wp\/v2\/media?parent=3"}],"curies":[{"name":"wp","href":"https:\/\/api.w.org\/{rel}","templated":true}]}}